{"id":87,"date":"2022-05-31T15:59:49","date_gmt":"2022-05-31T13:59:49","guid":{"rendered":"https:\/\/chatelmotorshow.ch\/?page_id=87"},"modified":"2026-02-03T15:00:43","modified_gmt":"2026-02-03T14:00:43","slug":"programme","status":"publish","type":"page","link":"http:\/\/chatelmotorshow.ch\/index.php\/programme\/","title":{"rendered":"Programme"},"content":{"rendered":"<p>[et_pb_section fb_built=\u00a0\u00bb1&Prime; disabled_on=\u00a0\u00bboff|off|off\u00a0\u00bb admin_label=\u00a0\u00bbHeader Section\u00a0\u00bb _builder_version=\u00a0\u00bb4.27.5&Prime; _module_preset=\u00a0\u00bbdefault\u00a0\u00bb use_background_color_gradient=\u00a0\u00bbon\u00a0\u00bb background_color_gradient_stops=\u00a0\u00bbrgba(20,61,88,0.65) 100%|#143d58 100%\u00a0\u00bb background_color_gradient_overlays_image=\u00a0\u00bbon\u00a0\u00bb background_color_gradient_start=\u00a0\u00bbrgba(20,61,88,0.65)\u00a0\u00bb background_color_gradient_end=\u00a0\u00bb#143d58&Prime; background_image=\u00a0\u00bbhttp:\/\/chatelmotorshow.ch\/wp-content\/uploads\/2026\/02\/Photo-2.jpg\u00a0\u00bb custom_margin=\u00a0\u00bb|||\u00a0\u00bb custom_padding=\u00a0\u00bb6vw|0px|6vw|0px\u00a0\u00bb bottom_divider_style=\u00a0\u00bbmountains2&Prime; bottom_divider_color=\u00a0\u00bbrgba(5,41,66,0.3)\u00a0\u00bb bottom_divider_height=\u00a0\u00bb20vw\u00a0\u00bb animation_style=\u00a0\u00bbslide\u00a0\u00bb animation_direction=\u00a0\u00bbtop\u00a0\u00bb animation_intensity_slide=\u00a0\u00bb3%\u00a0\u00bb animation_starting_opacity=\u00a0\u00bb100%\u00a0\u00bb background_last_edited=\u00a0\u00bbon|phone\u00a0\u00bb global_colors_info=\u00a0\u00bb{}\u00a0\u00bb][et_pb_row disabled_on=\u00a0\u00bboff|off|off\u00a0\u00bb module_class=\u00a0\u00bb et_pb_row_fullwidth\u00a0\u00bb _builder_version=\u00a0\u00bb4.16&Prime; _module_preset=\u00a0\u00bbdefault\u00a0\u00bb width=\u00a0\u00bb89%\u00a0\u00bb width_tablet=\u00a0\u00bb80%\u00a0\u00bb width_phone=\u00a0\u00bb80%\u00a0\u00bb width_last_edited=\u00a0\u00bbon|desktop\u00a0\u00bb max_width=\u00a0\u00bb89%\u00a0\u00bb max_width_tablet=\u00a0\u00bb80%\u00a0\u00bb max_width_phone=\u00a0\u00bb80%\u00a0\u00bb max_width_last_edited=\u00a0\u00bbon|desktop\u00a0\u00bb custom_padding=\u00a0\u00bb|||\u00a0\u00bb make_fullwidth=\u00a0\u00bbon\u00a0\u00bb global_colors_info=\u00a0\u00bb{}\u00a0\u00bb][et_pb_column type=\u00a0\u00bb4_4&Prime; _builder_version=\u00a0\u00bb4.16&Prime; _module_preset=\u00a0\u00bbdefault\u00a0\u00bb custom_padding=\u00a0\u00bb|||\u00a0\u00bb global_colors_info=\u00a0\u00bb{}\u00a0\u00bb custom_padding__hover=\u00a0\u00bb|||\u00a0\u00bb][et_pb_text content_tablet=\u00a0\u00bb<\/p>\n<h1>Programme<\/h1>\n<p>\u00a0\u00bb content_phone=\u00a0\u00bb<\/p>\n<h2>Programme<\/h2>\n<p>\u00a0\u00bb content_last_edited=\u00a0\u00bbon|phone\u00a0\u00bb disabled_on=\u00a0\u00bboff|off|off\u00a0\u00bb _builder_version=\u00a0\u00bb4.17.4&Prime; _module_preset=\u00a0\u00bbdefault\u00a0\u00bb text_font=\u00a0\u00bbMontserrat||||||||\u00a0\u00bb text_font_size=\u00a0\u00bb22px\u00a0\u00bb text_line_height=\u00a0\u00bb1.8em\u00a0\u00bb header_font=\u00a0\u00bbMontserrat|600||on|||||\u00a0\u00bb header_text_align=\u00a0\u00bbcenter\u00a0\u00bb header_font_size=\u00a0\u00bb8vw\u00a0\u00bb header_line_height=\u00a0\u00bb1.5em\u00a0\u00bb text_orientation=\u00a0\u00bbcenter\u00a0\u00bb background_layout=\u00a0\u00bbdark\u00a0\u00bb custom_margin=\u00a0\u00bb|||\u00a0\u00bb header_font_size_tablet=\u00a0\u00bb50px\u00a0\u00bb header_font_size_phone=\u00a0\u00bb\u00a0\u00bb header_font_size_last_edited=\u00a0\u00bbon|desktop\u00a0\u00bb header_line_height_tablet=\u00a0\u00bb1.1em\u00a0\u00bb header_line_height_phone=\u00a0\u00bb1.2em\u00a0\u00bb header_line_height_last_edited=\u00a0\u00bboff|desktop\u00a0\u00bb global_colors_info=\u00a0\u00bb{}\u00a0\u00bb]<\/p>\n<h1>Programme<\/h1>\n<p>[\/et_pb_text][\/et_pb_column][\/et_pb_row][\/et_pb_section][et_pb_section fb_built=\u00a0\u00bb1&Prime; admin_label=\u00a0\u00bbServices Section\u00a0\u00bb _builder_version=\u00a0\u00bb4.17.4&Prime; _module_preset=\u00a0\u00bbdefault\u00a0\u00bb background_color=\u00a0\u00bb#f2f6f9&Prime; custom_padding=\u00a0\u00bb7px|0px||0px|false|false\u00a0\u00bb global_colors_info=\u00a0\u00bb{}\u00a0\u00bb][et_pb_row _builder_version=\u00a0\u00bb4.16&Prime; _module_preset=\u00a0\u00bbdefault\u00a0\u00bb custom_padding=\u00a0\u00bb|||\u00a0\u00bb global_colors_info=\u00a0\u00bb{}\u00a0\u00bb][et_pb_column type=\u00a0\u00bb4_4&Prime; _builder_version=\u00a0\u00bb4.16&Prime; _module_preset=\u00a0\u00bbdefault\u00a0\u00bb custom_padding=\u00a0\u00bb|||\u00a0\u00bb global_colors_info=\u00a0\u00bb{}\u00a0\u00bb custom_padding__hover=\u00a0\u00bb|||\u00a0\u00bb][et_pb_text content_tablet=\u00a0\u00bb<\/p>\n<h2>Programme<\/h2>\n<p>\u00a0\u00bb content_phone=\u00a0\u00bb<\/p>\n<h3>Programme<\/h3>\n<p>\u00a0\u00bb content_last_edited=\u00a0\u00bbon|desktop\u00a0\u00bb _builder_version=\u00a0\u00bb4.17.4&Prime; _module_preset=\u00a0\u00bbdefault\u00a0\u00bb text_font=\u00a0\u00bbMontserrat||||||||\u00a0\u00bb text_font_size=\u00a0\u00bb18px\u00a0\u00bb text_line_height=\u00a0\u00bb1.8em\u00a0\u00bb header_font=\u00a0\u00bb||||||||\u00a0\u00bb header_2_font=\u00a0\u00bbMontserrat||||||||\u00a0\u00bb header_2_text_align=\u00a0\u00bbcenter\u00a0\u00bb header_2_font_size=\u00a0\u00bb40px\u00a0\u00bb header_2_line_height=\u00a0\u00bb1.5em\u00a0\u00bb text_orientation=\u00a0\u00bbcenter\u00a0\u00bb custom_margin=\u00a0\u00bb|||\u00a0\u00bb custom_padding=\u00a0\u00bb|||\u00a0\u00bb text_font_size_tablet=\u00a0\u00bb16px\u00a0\u00bb text_font_size_phone=\u00a0\u00bb16px\u00a0\u00bb text_font_size_last_edited=\u00a0\u00bbon|desktop\u00a0\u00bb global_colors_info=\u00a0\u00bb{}\u00a0\u00bb]<\/p>\n<h2>Programme<\/h2>\n<p>[\/et_pb_text][\/et_pb_column][\/et_pb_row][et_pb_row column_structure=\u00a0\u00bb1_2,1_2&Prime; use_custom_gutter=\u00a0\u00bbon\u00a0\u00bb gutter_width=\u00a0\u00bb2&Prime; _builder_version=\u00a0\u00bb4.24.2&Prime; _module_preset=\u00a0\u00bbdefault\u00a0\u00bb max_width=\u00a0\u00bb1440px\u00a0\u00bb custom_padding=\u00a0\u00bb|||\u00a0\u00bb use_custom_width=\u00a0\u00bbon\u00a0\u00bb custom_width_px=\u00a0\u00bb1440px\u00a0\u00bb global_colors_info=\u00a0\u00bb{}\u00a0\u00bb][et_pb_column type=\u00a0\u00bb1_2&Prime; _builder_version=\u00a0\u00bb4.16&Prime; _module_preset=\u00a0\u00bbdefault\u00a0\u00bb background_color=\u00a0\u00bb#ffffff\u00a0\u00bb custom_padding=\u00a0\u00bb|||\u00a0\u00bb global_colors_info=\u00a0\u00bb{}\u00a0\u00bb custom_padding__hover=\u00a0\u00bb|||\u00a0\u00bb][et_pb_image src=\u00a0\u00bbhttp:\/\/chatelmotorshow.ch\/wp-content\/uploads\/2026\/02\/Motorshow-2025-suite-87-scaled.jpeg\u00a0\u00bb title_text=\u00a0\u00bbMotorshow 2025 suite- (87)\u00a0\u00bb force_fullwidth=\u00a0\u00bbon\u00a0\u00bb src_tablet=\u00a0\u00bbhttp:\/\/chatelmotorshow.ch\/wp-content\/uploads\/2026\/02\/Motorshow-2025-suite-87-scaled.jpeg\u00a0\u00bb src_phone=\u00a0\u00bbhttp:\/\/chatelmotorshow.ch\/wp-content\/uploads\/2026\/02\/Motorshow-2025-suite-87-scaled.jpeg\u00a0\u00bb src_last_edited=\u00a0\u00bbon|desktop\u00a0\u00bb align_tablet=\u00a0\u00bbcenter\u00a0\u00bb align_phone=\u00a0\u00bbcenter\u00a0\u00bb align_last_edited=\u00a0\u00bbon|desktop\u00a0\u00bb _builder_version=\u00a0\u00bb4.27.5&Prime; _module_preset=\u00a0\u00bbdefault\u00a0\u00bb locked=\u00a0\u00bboff\u00a0\u00bb global_colors_info=\u00a0\u00bb{}\u00a0\u00bb][\/et_pb_image][et_pb_text admin_label=\u00a0\u00bbService Name\u00a0\u00bb _builder_version=\u00a0\u00bb4.17.4&Prime; _module_preset=\u00a0\u00bbdefault\u00a0\u00bb text_font=\u00a0\u00bbMontserrat||||||||\u00a0\u00bb text_font_size=\u00a0\u00bb15px\u00a0\u00bb text_line_height=\u00a0\u00bb1.8em\u00a0\u00bb header_font=\u00a0\u00bb||||||||\u00a0\u00bb header_3_font=\u00a0\u00bbMontserrat||||||||\u00a0\u00bb header_3_line_height=\u00a0\u00bb1.5em\u00a0\u00bb custom_padding=\u00a0\u00bb10px|20px||20px\u00a0\u00bb locked=\u00a0\u00bboff\u00a0\u00bb global_colors_info=\u00a0\u00bb{}\u00a0\u00bb]<\/p>\n<h3>5 septembre 9h &#8211; 24h<\/h3>\n<ul>\n<li>Exposition de voitures anciennes et motos<\/li>\n<li><span style=\"font-size: 15px;\">Concerts live<\/span><\/li>\n<li>Course lente de motos<\/li>\n<li><span style=\"font-size: 15px;\">Stands merchandising<\/span><\/li>\n<li>Essai motos &#8211; Harley Davidson Fribourg<span style=\"font-size: 15px;\"><\/span><\/li>\n<li>Ch\u00e2teau gonflable<\/li>\n<li>Candy shop<\/li>\n<li>Tombola et divers concours<\/li>\n<li>Ap\u00e9ritif sponsors<\/li>\n<li>Restauration<\/li>\n<li>D\u00e9mo de rockabilly<\/li>\n<li>Beaucoup de fun !<\/li>\n<\/ul>\n<p>[\/et_pb_text][\/et_pb_column][et_pb_column type=\u00a0\u00bb1_2&Prime; _builder_version=\u00a0\u00bb4.16&Prime; _module_preset=\u00a0\u00bbdefault\u00a0\u00bb background_color=\u00a0\u00bb#ffffff\u00a0\u00bb custom_padding=\u00a0\u00bb|||\u00a0\u00bb global_colors_info=\u00a0\u00bb{}\u00a0\u00bb custom_padding__hover=\u00a0\u00bb|||\u00a0\u00bb][et_pb_image src=\u00a0\u00bbhttp:\/\/chatelmotorshow.ch\/wp-content\/uploads\/2026\/02\/Motorshow-2025-suite-244-scaled.jpeg\u00a0\u00bb title_text=\u00a0\u00bbMotorshow 2025 suite- (244)\u00a0\u00bb force_fullwidth=\u00a0\u00bbon\u00a0\u00bb src_tablet=\u00a0\u00bbhttp:\/\/chatelmotorshow.ch\/wp-content\/uploads\/2026\/02\/Motorshow-2025-suite-244-scaled.jpeg\u00a0\u00bb src_phone=\u00a0\u00bbhttp:\/\/chatelmotorshow.ch\/wp-content\/uploads\/2026\/02\/Motorshow-2025-suite-244-scaled.jpeg\u00a0\u00bb src_last_edited=\u00a0\u00bbon|phone\u00a0\u00bb align_tablet=\u00a0\u00bbcenter\u00a0\u00bb align_phone=\u00a0\u00bbcenter\u00a0\u00bb align_last_edited=\u00a0\u00bbon|desktop\u00a0\u00bb _builder_version=\u00a0\u00bb4.27.5&Prime; _module_preset=\u00a0\u00bbdefault\u00a0\u00bb locked=\u00a0\u00bboff\u00a0\u00bb global_colors_info=\u00a0\u00bb{}\u00a0\u00bb][\/et_pb_image][et_pb_text admin_label=\u00a0\u00bbService Name\u00a0\u00bb _builder_version=\u00a0\u00bb4.17.4&Prime; _module_preset=\u00a0\u00bbdefault\u00a0\u00bb text_font=\u00a0\u00bbMontserrat||||||||\u00a0\u00bb text_font_size=\u00a0\u00bb15px\u00a0\u00bb text_line_height=\u00a0\u00bb1.8em\u00a0\u00bb header_font=\u00a0\u00bb||||||||\u00a0\u00bb header_3_font=\u00a0\u00bbMontserrat||||||||\u00a0\u00bb header_3_line_height=\u00a0\u00bb1.5em\u00a0\u00bb custom_padding=\u00a0\u00bb10px|20px||20px\u00a0\u00bb locked=\u00a0\u00bboff\u00a0\u00bb global_colors_info=\u00a0\u00bb{}\u00a0\u00bb]<\/p>\n<h3>6 Septembre 9h &#8211; 18h<\/h3>\n<ul>\n<li>Exposition de voitures anciennes et motos<\/li>\n<li><span style=\"font-size: 15px;\">Concerts live<\/span><\/li>\n<li>Course lente de motos<\/li>\n<li>Stands merchandising<\/li>\n<li>Essai motos &#8211; Harley Davidson Fribourg<\/li>\n<li>Cort\u00e8ge de 30mn<\/li>\n<li>Concours des plus belles voitures<\/li>\n<li>Concours de la plus belle moto<\/li>\n<li>Ch\u00e2teau gonflable<\/li>\n<li>Remise des coupes<\/li>\n<li>Tombola et divers concours<\/li>\n<li>Restauration<\/li>\n<\/ul>\n<p>[\/et_pb_text][\/et_pb_column][\/et_pb_row][et_pb_row column_structure=\u00a0\u00bb1_2,1_2&Prime; use_custom_gutter=\u00a0\u00bbon\u00a0\u00bb gutter_width=\u00a0\u00bb2&Prime; _builder_version=\u00a0\u00bb4.24.2&Prime; _module_preset=\u00a0\u00bbdefault\u00a0\u00bb max_width=\u00a0\u00bb1440px\u00a0\u00bb custom_padding=\u00a0\u00bb|0px||||\u00a0\u00bb use_custom_width=\u00a0\u00bbon\u00a0\u00bb custom_width_px=\u00a0\u00bb1440px\u00a0\u00bb global_colors_info=\u00a0\u00bb{}\u00a0\u00bb][et_pb_column type=\u00a0\u00bb1_2&Prime; _builder_version=\u00a0\u00bb4.16&Prime; _module_preset=\u00a0\u00bbdefault\u00a0\u00bb background_color=\u00a0\u00bb#ffffff\u00a0\u00bb custom_padding=\u00a0\u00bb|||\u00a0\u00bb global_colors_info=\u00a0\u00bb{}\u00a0\u00bb custom_padding__hover=\u00a0\u00bb|||\u00a0\u00bb][et_pb_image src=\u00a0\u00bbhttp:\/\/chatelmotorshow.ch\/wp-content\/uploads\/2025\/07\/Programme-CMS-2025-FINAL-scaled.jpg\u00a0\u00bb title_text=\u00a0\u00bbProgramme CMS 2025 FINAL\u00a0\u00bb force_fullwidth=\u00a0\u00bbon\u00a0\u00bb align_tablet=\u00a0\u00bbcenter\u00a0\u00bb align_phone=\u00a0\u00bbcenter\u00a0\u00bb align_last_edited=\u00a0\u00bbon|desktop\u00a0\u00bb disabled_on=\u00a0\u00bbon|on|on\u00a0\u00bb _builder_version=\u00a0\u00bb4.27.4&Prime; _module_preset=\u00a0\u00bbdefault\u00a0\u00bb disabled=\u00a0\u00bbon\u00a0\u00bb locked=\u00a0\u00bboff\u00a0\u00bb global_colors_info=\u00a0\u00bb{}\u00a0\u00bb][\/et_pb_image][\/et_pb_column][et_pb_column type=\u00a0\u00bb1_2&Prime; _builder_version=\u00a0\u00bb4.16&Prime; _module_preset=\u00a0\u00bbdefault\u00a0\u00bb background_color=\u00a0\u00bb#ffffff\u00a0\u00bb custom_padding=\u00a0\u00bb|||\u00a0\u00bb global_colors_info=\u00a0\u00bb{}\u00a0\u00bb custom_padding__hover=\u00a0\u00bb|||\u00a0\u00bb][\/et_pb_column][\/et_pb_row][\/et_pb_section]<\/p>\n","protected":false},"excerpt":{"rendered":"<p>ProgrammeProgramme5 septembre 9h &#8211; 24h Exposition de voitures anciennes et motos Concerts live Course lente de motos Stands merchandising Essai motos &#8211; Harley Davidson Fribourg Ch\u00e2teau gonflable Candy shop Tombola et divers concours Ap\u00e9ritif sponsors Restauration D\u00e9mo de rockabilly Beaucoup de fun ! 6 Septembre 9h &#8211; 18h Exposition de voitures anciennes et motos Concerts [&hellip;]<\/p>\n","protected":false},"author":1,"featured_media":0,"parent":0,"menu_order":1,"comment_status":"closed","ping_status":"closed","template":"","meta":{"_et_pb_use_builder":"on","_et_pb_old_content":"","_et_gb_content_width":"","footnotes":""},"class_list":["post-87","page","type-page","status-publish","hentry"],"_links":{"self":[{"href":"http:\/\/chatelmotorshow.ch\/index.php\/wp-json\/wp\/v2\/pages\/87","targetHints":{"allow":["GET"]}}],"collection":[{"href":"http:\/\/chatelmotorshow.ch\/index.php\/wp-json\/wp\/v2\/pages"}],"about":[{"href":"http:\/\/chatelmotorshow.ch\/index.php\/wp-json\/wp\/v2\/types\/page"}],"author":[{"embeddable":true,"href":"http:\/\/chatelmotorshow.ch\/index.php\/wp-json\/wp\/v2\/users\/1"}],"replies":[{"embeddable":true,"href":"http:\/\/chatelmotorshow.ch\/index.php\/wp-json\/wp\/v2\/comments?post=87"}],"version-history":[{"count":27,"href":"http:\/\/chatelmotorshow.ch\/index.php\/wp-json\/wp\/v2\/pages\/87\/revisions"}],"predecessor-version":[{"id":1289,"href":"http:\/\/chatelmotorshow.ch\/index.php\/wp-json\/wp\/v2\/pages\/87\/revisions\/1289"}],"wp:attachment":[{"href":"http:\/\/chatelmotorshow.ch\/index.php\/wp-json\/wp\/v2\/media?parent=87"}],"curies":[{"name":"wp","href":"https:\/\/api.w.org\/{rel}","templated":true}]}}